{"id":313,"date":"2023-08-08T21:15:36","date_gmt":"2023-08-08T19:15:36","guid":{"rendered":"https:\/\/www.der-it-texter.de\/?page_id=313"},"modified":"2025-09-02T22:06:38","modified_gmt":"2025-09-02T20:06:38","slug":"startseite-variante-c","status":"publish","type":"page","link":"https:\/\/www.der-it-texter.de\/","title":{"rendered":"der-it-texter.de"},"content":{"rendered":"\n<div id=\"banner-container\">\n  <div id=\"label-container\">\n        <p>IT-Tex\u00adter Michael Tis\u00adch\u00ader<\/p>\n  <\/div>\n<\/div>\n\n\n<style>\n    \/* .entry-content ist der wp seiten-container, verhindert rand links und rechts neben Bild, macht aber auch den seiteninhalt breiter *\/\n    \/* ist bei gro\u00dfen Bildschirmbreiten okay, umss bei kleineren angepasst werden XXX *\/\n    .entry-content {  \n        padding-left : 0px !important;\n        padding-right : 0px !important;\n        }\n        \n\n\n\n    @font-face {\n        font-family: 'Rubik';\n        font-style: normal;\n        font-weight: 700;\n        src: local('Rubik Bold'), local('Rubik-Bold'), url(https:\/\/fonts.gstatic.com\/s\/rubik\/v9\/iJWHBXyIfDnIV7F6iGmd8WU.ttf) format('truetype');\n      }\n      \n    #banner-container {\n        max-width: initial;  \/* gesamte Breite des parents aussch\u00f6pfen *\/\n        height: 300px;\n\n        background-image: url(\"https:\/\/www.der-it-texter.de\/wp-content\/uploads\/2023\/08\/collage_neu_2.png\"); \/* f\u00fcr WP-Seite *\/\n\n\n        background-repeat: repeat repeat;\n        display: flex;\n        align-items: end; \/* Inhalt (label-container) nach unten schieben *\/\n        animation: bgscroll 30s infinite;  \/*, fade-out 2s ease-in forwards 10s*\/ \n    }\n    \n    @keyframes bgscroll {\n        \/* background-position: X Y mit +X: rechts, -X: links, +Y: unten, -Y: oben *\/ \n        0% { background-position: 0 0; background-size: 100%;}\n        25% { background-position: +400px -300px; background-size: 65%; }\n        50% { background-position: +800px -200px; background-size: 90%; }\n        75% { background-position: +550px 60px; background-size: 115%; }\n        100% { background-position: 0 0; background-size: 100%;}\n    }\n\n    #label-container {\n        flex: 1;\n        display: flex;\n        align-items: center;\n        width: 100%;\n        height: 28%; \/* bezieht sich auf parent *\/\n        margin-bottom: 15px; \/* abstand vom unteren rand des parent % geht nicht, weil sich hier auf viewport bezieht ??? *\/\n        background-color: gray;\n        opacity: 0.8;\n        white-space: nowrap;\n        overflow: hidden;\n        text-overflow: clip;\n    \n    }\n    \n    #label-container p  {\n        font-family: 'Rubik', sans-serif;\n        width: 100%;\n        font-size: 60px;\n        color: white;\n        text-align: right;\n        padding-right: 20%;\n        font-weight: 800;\n        \/*animation: label-text 4s linear;*\/ \n        animation: label-text 4s cubic-bezier(0.445, 0.05, 0.55, 0.95);   \n        \n    }\n    \n    @keyframes label-text {\n        0% {\n          letter-spacing: calc(100vw \/ 75);\n          filter: blur(12px);\n          opacity: 0.8;\n        }\n        100% {\n          letter-spacing: normal;\n          filter: blur(0px);\n          opacity: 1;\n        }\n      }\n    \n      \/* f\u00fcr alles, was unter 1280px ist  *\/\n      @media screen and (max-width: 1280px) {\n        #label-container {\n            margin-bottom: calc(100vw \/ 95); \/* abstand vom unteren rand des parent *\/\n        }    \n        #label-container p  {\n            font-size: calc(100vw \/ 20);\n            padding-right: 6%;\n        }\n        #banner-container {\n            height: calc(100vw \/ 4);\n        }    \n        .entry-content {  \n            padding-left : calc(100vw \/ 60) !important;\n            padding-right : calc(100vw \/ 60) !important;\n            }\n    }    \n\n<\/style>\n\n\n\n<div class=\"wp-block-group is-vertical is-layout-flex wp-container-core-group-is-layout-fe9cc265 wp-block-group-is-layout-flex\">\n<h2 class=\"wp-block-heading\">Zu Hause in zwei Welten: Computer-Experte und Profi-Autor<\/h2>\n\n\n\n<p class=\"has-large-font-size\">Sie suchen einen erfahre\u00adnen Tex\u00adter f\u00fcr die Erstel\u00adlung von Whitepa\u00adpern, Brosch\u00fcren, Kun\u00adden- und Han\u00addels\u00admagazi\u00adnen, Fir\u00admen-Blogs, Doku\u00admen\u00adta\u00adtio\u00adnen, Video\u00adclips oder anderen Werbe- und Infor\u00adma\u00adtion\u00ads\u00adma\u00adte\u00adri\u00adalien f\u00fcr den IT-Bere\u00adich?<\/p>\n\n\n\n<p style=\"font-size:clamp(0.984rem, 0.984rem + ((1vw - 0.2rem) * 0.938), 1.5rem);\">Einen, der <strong>die Sprache des Mar\u00adket\u00adings eben\u00adso beherrscht, wie die Sprache Ihrer IT-Fach\u00adleute<\/strong>. Dem Sie nicht alles aufw\u00e4ndig erk\u00adl\u00e4ren m\u00fcssen, weil er vom Fach ist. Und der sich im Print-Bere\u00adich eben\u00adso zu Hause f\u00fchlt wie Online. <\/p>\n\n\n\n<h3 class=\"wp-block-heading\">Darf ich mich vorstellen?<\/h3>\n\n\n\n<p><strong>Mein Name ist Michael Tis\u00adch\u00ader<\/strong>. Seit mehr als drei Jahrzehn\u00adten arbeite ich als <strong>Autor und freier Tex\u00adter <\/strong>f\u00fcr gro\u00dfe und mit\u00adtel\u00adst\u00e4ndis\u00adche Unternehmen, Fachver\u00adlage und Wer\u00adbeagen\u00adturen. <strong>In meinen Arbeit\u00aden <\/strong>bringe ich die <strong>\u00dcberzeu\u00adgungskraft der Sprache <\/strong>mit der <strong>Leis\u00adtungs\u00adf\u00e4higkeit <\/strong>der <strong>neuesten IT-Tech\u00adnolo\u00adgie<\/strong> zusam\u00admen.<\/p>\n\n\n\n<ul style=\"margin-top:0;margin-right:0;margin-bottom:0;margin-left:0;padding-top:0;padding-right:0;padding-bottom:0;padding-left:var(--wp--preset--spacing--30);line-height:1.7\" class=\"wp-block-list ticss-537aba7c\">\n<li>Als <strong>Soft\u00adware-Entwick\u00adler<\/strong> habe ich <strong>hun\u00addert\u00adtausende Zeilen Pro\u00adgramm\u00adcode<\/strong> ver\u00adfasst, von sys\u00adtem\u00adna\u00adhen Tools, \u00fcber Office-Anwen\u00addun\u00adgen, bis hin zu Word\u00adPress-Plu\u00adg\u00adins.<\/li>\n\n\n\n<li>Als<strong> Autor<\/strong> sind aus mein\u00ader Fed\u00ader rund <strong>zwei Dutzend Com\u00adput\u00ader-Fach\u00adb\u00fcche<\/strong>r und zahllose Beitr\u00e4ge in IT-Mag\u00ada\u00adzi\u00adnen erschienen. <\/li>\n\n\n\n<li>Als <strong>Wer\u00adbe\u00adtex\u00adter <\/strong>konzip\u00adiere und ver\u00adfasse ich <strong>Brosch\u00fcren, Whitepa\u00adper, Fir\u00admen-Blogs <\/strong>und <strong>Inter\u00adnet-Auftritte<\/strong> f\u00fcr Anbi\u00adeter aus dem IT-Bere\u00adich.<\/li>\n<\/ul>\n\n\n\n<div class=\"wp-block-media-text alignwide has-media-on-the-right is-stacked-on-mobile ticss-f7407680\" style=\"grid-template-columns:auto 30%\"><div class=\"wp-block-media-text__content\">\n<p>Ich <strong>liebe es, mich mit mod\u00ader\u00adnen Pro\u00adduk\u00adten und Tech\u00adnolo\u00adgien <\/strong>auseinan\u00adderzuset\u00adzen und mein Wis\u00adsen weit\u00aderzugeben. Denn IT ist meine Lei\u00adden\u00adschaft. Und Schreiben ist meine Pro\u00adfes\u00adsion.<\/p>\n\n\n\n<p>Es ist die Kom\u00adbi\u00adna\u00adtion dieser bei\u00adden Aspek\u00adte, die meine Arbeit\u00aden ausze\u00adich\u00adnet und dazu beitr\u00e4gt, dass Kun\u00adden gerne und ver\u00adtrauensvoll mit mir zusam\u00admen arbeit\u00aden. Teil\u00adweise \u00fcber Jahrzehnte.<\/p>\n<\/div><figure class=\"wp-block-media-text__media\"><img loading=\"lazy\" decoding=\"async\" width=\"300\" height=\"374\" src=\"https:\/\/www.der-it-texter.de\/wp-content\/uploads\/2023\/08\/miti01_400x500-1.jpg\" alt class=\"wp-image-233 size-full\" srcset=\"https:\/\/www.der-it-texter.de\/wp-content\/uploads\/2023\/08\/miti01_400x500-1.jpg 300w, https:\/\/www.der-it-texter.de\/wp-content\/uploads\/2023\/08\/miti01_400x500-1-241x300.jpg 241w\" sizes=\"auto, (max-width: 300px) 100vw, 300px\"><\/figure><\/div>\n\n\n\n<h3 class=\"wp-block-heading ticss-95fa167f\">Aus Liebe zum Hacking<\/h3>\n\n\n\n<div class=\"wp-block-media-text alignwide has-media-on-the-right is-stacked-on-mobile is-image-fill-element ticss-989ceba5\" style=\"grid-template-columns:auto 35%\"><div class=\"wp-block-media-text__content\">\n<p class=\"ticss-4650e46a\" style=\"margin-top:0px;margin-left:0px\">Meine <strong>Kar\u00adriere begann mit Soft\u00adware-Entwick\u00adlung<\/strong>. Als Abi\u00adturi\u00adent habe ich <strong>1986<\/strong> das erste deutschsprachige Tabel\u00adlenkalku\u00adla\u00adtions-Pro\u00adgramm ver\u00f6f\u00adfentlicht, den <strong>Kalku\u00admat 64<\/strong>. Excel und Co. gab es da noch gar nicht.<\/p>\n\n\n\n<p>Es fol\u00adgten<strong> <\/strong><strong>Jahre inten\u00adsiv\u00ader Autoren\u00adt\u00e4tigkeit<\/strong> mit den Schw\u00ader\u00adpunk\u00adten Pro\u00adgram\u00admierung, Betrieb\u00adssys\u00adteme, Inter\u00adnet und MS-Office. Mein Buch \u201e<strong>PC Intern\u201c <\/strong>galt zwei Jahrzehnte lang als <strong>Stan\u00addard\u00adw\u00aderk zur PC-Sys\u00adtem\u00adpro\u00adgram\u00admierung<\/strong> und wurde in viele Sprachen \u00fcber\u00adset\u00adzt.<\/p>\n\n\n\n<p>Ich habe bei Data Beck\u00ader, Sybex und Microsoft Press pub\u00adliziert. Mehrere Jahre war ich als <strong>monatlich\u00ader Kolum\u00adnist der Com\u00adput\u00ader-Zeitschrift \u201eChip\u201c <\/strong>t\u00e4tig.<\/p>\n<\/div><figure class=\"wp-block-media-text__media\"><img loading=\"lazy\" decoding=\"async\" width=\"512\" height=\"1024\" src=\"https:\/\/www.der-it-texter.de\/wp-content\/uploads\/2023\/08\/89_mitinet_050216-512x1024.png\" alt class=\"wp-image-208 size-medium\" style=\"object-position:50% 50%\" srcset=\"https:\/\/www.der-it-texter.de\/wp-content\/uploads\/2023\/08\/89_mitinet_050216-512x1024.png 512w, https:\/\/www.der-it-texter.de\/wp-content\/uploads\/2023\/08\/89_mitinet_050216-150x300.png 150w, https:\/\/www.der-it-texter.de\/wp-content\/uploads\/2023\/08\/89_mitinet_050216.png 600w\" sizes=\"auto, (max-width: 512px) 100vw, 512px\"><\/figure><\/div>\n\n\n\n<div style=\"height:0px\" aria-hidden=\"true\" class=\"wp-block-spacer wp-container-content-d5d6ef74\"><\/div>\n\n\n\n<h2 class=\"wp-block-heading\">In der Werbung zu Hause<\/h2>\n\n\n\n<div class=\"wp-block-media-text alignwide is-stacked-on-mobile is-image-fill-element\" style=\"padding-left:0;grid-template-columns:30% auto\"><figure class=\"wp-block-media-text__media\"><img loading=\"lazy\" decoding=\"async\" width=\"679\" height=\"1024\" src=\"https:\/\/www.der-it-texter.de\/wp-content\/uploads\/2023\/08\/182_mitinet_050216-679x1024.png\" alt class=\"wp-image-209 size-medium\" style=\"object-position:50% 50%\" srcset=\"https:\/\/www.der-it-texter.de\/wp-content\/uploads\/2023\/08\/182_mitinet_050216-679x1024.png 679w, https:\/\/www.der-it-texter.de\/wp-content\/uploads\/2023\/08\/182_mitinet_050216-199x300.png 199w, https:\/\/www.der-it-texter.de\/wp-content\/uploads\/2023\/08\/182_mitinet_050216-768x1158.png 768w, https:\/\/www.der-it-texter.de\/wp-content\/uploads\/2023\/08\/182_mitinet_050216.png 796w\" sizes=\"auto, (max-width: 679px) 100vw, 679px\"><\/figure><div class=\"wp-block-media-text__content\">\n<p style=\"margin-top:0px\"><strong>Seit den 2000er Jahren <\/strong>pr\u00e4\u00adgen <strong>Mar\u00adket\u00ading-Pro\u00adjek\u00adte <\/strong>meine T\u00e4tigkeit<strong>.<\/strong> F\u00fcr Gro\u00dfkonz\u00aderne wie Nokia und Toshi\u00adba entwick\u00adelte und ver\u00adfasste ich <strong>Brosch\u00fcren<\/strong>, <strong>Kun\u00adden\u00adzeitschriften<\/strong>, Han\u00addels\u00admagazine und <strong>Whitepa\u00adper<\/strong>.<\/p>\n\n\n\n<p>In der let\u00adzten Dekade kom\u00admen ver\u00admehrt <strong>Inhalte f\u00fcr Web\u00adseit\u00aden und Fir\u00admen-Blogs <\/strong>hinzu, ins\u00adbeson\u00addere f\u00fcr mit\u00adtel\u00adst\u00e4ndis\u00adche Unternehmen aus dem IT-Umfeld. <\/p>\n\n\n\n<p class=\"ticss-e8c23bfb\">Das Spek\u00adtrum der Inhalte reicht von <strong>Pro\u00adduk\u00adtvorstel\u00adlun\u00adgen, Tech\u00adnik-The\u00admen, <\/strong>Kun\u00adden\u00adbericht\u00aden und <strong>Suc\u00adces-Sto\u00adries,<\/strong> bis hin zu aufw\u00e4ndig fotografierten <strong>Reporta\u00adgen <\/strong>und <strong>Vor\u00adtrags\u00adman\u00aduskripten <\/strong>f\u00fcr die Gesch\u00e4ft\u00adsleitung.<\/p>\n<\/div><\/div>\n<\/div>\n\n\n\n<div style=\"height:31px\" aria-hidden=\"true\" class=\"wp-block-spacer\"><\/div>\n\n\n\n<p class=\"has-text-align-center has-x-large-font-size\" style=\"font-style:normal;font-weight:700;line-height:1.2\">\u201e<em>IT<\/em> <em>ist meine Lei\u00adden\u00adschaft. Und <em>Schreiben<\/em><\/em> <em>ist meine Pro\u00adfes\u00adsion<\/em>.\u201c<\/p>\n\n\n\n<div style=\"height:31px\" aria-hidden=\"true\" class=\"wp-block-spacer\"><\/div>\n\n\n\n<h2 class=\"wp-block-heading\" style=\"padding-bottom:var(--wp--preset--spacing--30)\">Ausgew\u00e4hlte Projekte<\/h2>\n\n\n\n<div class=\"wp-block-getwid-media-text-slider slider_meine_arbeiten wp-block-getwid-media-text-slider--current-slide-1 has-arrows-outside has-dots-outside\" data-labels=\"[&quot;Slide 1&quot;,&quot;Slide 2&quot;,&quot;Slide 3&quot;,&quot;Slide 4&quot;,&quot;Slide 5&quot;,&quot;Slide 6&quot;,&quot;Slide 7&quot;,&quot;Slide 8&quot;,&quot;Slide 9&quot;]\" data-animation=\"fadeInRight\" data-duration=\"1500ms\" data-delay=\"0ms\"><div class=\"wp-block-getwid-media-text-slider__slides-wrapper\"><div class=\"wp-block-getwid-media-text-slider__content\" data-slide-autoplay=\"true\" data-slide-pause-on-hover=\"true\" data-slide-autoplay-speed=\"8000\" data-slide-speed=\"1000\" data-infinite=\"true\">\n<div style=\"min-height:500px\" class=\"wp-block-getwid-media-text-slider-slide wp-block-getwid-media-text-slider-slide__content-wrapper slide-1\"><div style=\"min-height:500px;justify-content:center;align-items:flex-end\" class=\"wp-block-getwid-media-text-slider-slide__content\">\n<div style=\"max-width:1059px\" class=\"wp-block-getwid-media-text-slider-slide-content\"><figure class=\"wp-block-getwid-media-text-slider-slide-content__media\"><img loading=\"lazy\" decoding=\"async\" width=\"1800\" height=\"1200\" src=\"https:\/\/www.der-it-texter.de\/wp-content\/uploads\/2023\/07\/fact.jpg\" alt class=\"wp-block-getwid-media-text-slider-slide-content__image wp-image-103\" srcset=\"https:\/\/www.der-it-texter.de\/wp-content\/uploads\/2023\/07\/fact.jpg 1800w, https:\/\/www.der-it-texter.de\/wp-content\/uploads\/2023\/07\/fact-300x200.jpg 300w, https:\/\/www.der-it-texter.de\/wp-content\/uploads\/2023\/07\/fact-1024x683.jpg 1024w, https:\/\/www.der-it-texter.de\/wp-content\/uploads\/2023\/07\/fact-768x512.jpg 768w, https:\/\/www.der-it-texter.de\/wp-content\/uploads\/2023\/07\/fact-1536x1024.jpg 1536w\" sizes=\"auto, (max-width: 1800px) 100vw, 1800px\"><div class=\"wp-block-getwid-media-text-slider-slide-content__media-overlay\" style=\"opacity:0.3\"><\/div><\/figure><div class=\"wp-block-getwid-media-text-slider-slide-content__content\"><div class=\"wp-block-getwid-media-text-slider-slide-content__content-wrapper\">\n<h4 class=\"wp-block-heading\"><strong>Blog-Artikel und Whitepaper<\/strong><\/h4>\n\n\n\n<p>Ziel\u00adgruppe insti\u00adtu\u00adtionelle Kap\u00adi\u00adta\u00adlan\u00adleger: Die Fact GmbH ist ein mit\u00adtel\u00adst\u00e4ndis\u00adch\u00ader Soft\u00adware-Anbi\u00adeter, f\u00fcr den ich regelm\u00e4\u00dfig Blog-Artikel, Kun\u00adden\u00admagazine und Whitepa\u00adper erstelle.<\/p>\n<\/div><\/div><\/div>\n<\/div><\/div>\n\n\n\n<div style=\"min-height:500px\" class=\"wp-block-getwid-media-text-slider-slide wp-block-getwid-media-text-slider-slide__content-wrapper slide-2\"><div style=\"min-height:500px;justify-content:center;align-items:flex-end\" class=\"wp-block-getwid-media-text-slider-slide__content\">\n<div style=\"max-width:1059px\" class=\"wp-block-getwid-media-text-slider-slide-content\"><figure class=\"wp-block-getwid-media-text-slider-slide-content__media\"><img loading=\"lazy\" decoding=\"async\" width=\"1800\" height=\"1200\" src=\"https:\/\/www.der-it-texter.de\/wp-content\/uploads\/2023\/07\/sengled.jpg\" alt class=\"wp-block-getwid-media-text-slider-slide-content__image wp-image-107\" srcset=\"https:\/\/www.der-it-texter.de\/wp-content\/uploads\/2023\/07\/sengled.jpg 1800w, https:\/\/www.der-it-texter.de\/wp-content\/uploads\/2023\/07\/sengled-300x200.jpg 300w, https:\/\/www.der-it-texter.de\/wp-content\/uploads\/2023\/07\/sengled-1024x683.jpg 1024w, https:\/\/www.der-it-texter.de\/wp-content\/uploads\/2023\/07\/sengled-768x512.jpg 768w, https:\/\/www.der-it-texter.de\/wp-content\/uploads\/2023\/07\/sengled-1536x1024.jpg 1536w\" sizes=\"auto, (max-width: 1800px) 100vw, 1800px\"><div class=\"wp-block-getwid-media-text-slider-slide-content__media-overlay\" style=\"opacity:0.3\"><\/div><\/figure><div class=\"wp-block-getwid-media-text-slider-slide-content__content\"><div class=\"wp-block-getwid-media-text-slider-slide-content__content-wrapper\">\n<h3 class=\"wp-block-heading\"><strong>Produkttexte<\/strong><\/h3>\n\n\n\n<p>Ins rechte Licht ger\u00fcckt: Sen\u00adgled bedi\u00adent mit inno\u00adv\u00ada\u00adtiv\u00aden Beleuch\u00adtung\u00adspro\u00adduk\u00adten den inter\u00adna\u00adtionalen Markt. Aus mein\u00ader Fed\u00ader stam\u00admen viele Pro\u00adduk\u00adt\u00adtexte, au\u00dfer\u00addem Beitr\u00e4ge im Fir\u00admen-Blog.<\/p>\n<\/div><\/div><\/div>\n<\/div><\/div>\n\n\n\n<div style=\"min-height:500px\" class=\"wp-block-getwid-media-text-slider-slide wp-block-getwid-media-text-slider-slide__content-wrapper slide-3\"><div style=\"min-height:500px;justify-content:center;align-items:flex-end\" class=\"wp-block-getwid-media-text-slider-slide__content\">\n<div style=\"max-width:1059px\" class=\"wp-block-getwid-media-text-slider-slide-content\"><figure class=\"wp-block-getwid-media-text-slider-slide-content__media\"><img loading=\"lazy\" decoding=\"async\" width=\"1800\" height=\"1200\" src=\"https:\/\/www.der-it-texter.de\/wp-content\/uploads\/2023\/07\/pcmobil.jpg\" alt class=\"wp-block-getwid-media-text-slider-slide-content__image wp-image-81\" srcset=\"https:\/\/www.der-it-texter.de\/wp-content\/uploads\/2023\/07\/pcmobil.jpg 1800w, https:\/\/www.der-it-texter.de\/wp-content\/uploads\/2023\/07\/pcmobil-300x200.jpg 300w, https:\/\/www.der-it-texter.de\/wp-content\/uploads\/2023\/07\/pcmobil-1024x683.jpg 1024w, https:\/\/www.der-it-texter.de\/wp-content\/uploads\/2023\/07\/pcmobil-768x512.jpg 768w, https:\/\/www.der-it-texter.de\/wp-content\/uploads\/2023\/07\/pcmobil-1536x1024.jpg 1536w\" sizes=\"auto, (max-width: 1800px) 100vw, 1800px\"><div class=\"wp-block-getwid-media-text-slider-slide-content__media-overlay\" style=\"opacity:0.3\"><\/div><\/figure><div class=\"wp-block-getwid-media-text-slider-slide-content__content\"><div class=\"wp-block-getwid-media-text-slider-slide-content__content-wrapper\">\n<h3 class=\"wp-block-heading\"><strong>Kundenmagazine<\/strong><\/h3>\n\n\n\n<p>Investi\u00adtion in Kun\u00adden\u00adbindung: PC mobil war ein aufw\u00e4ndig pro\u00adduziertes Kun\u00adden\u00admagazin von Toshi\u00adba, f\u00fcr das ich vier Jahre textlich und inhaltlich ver\u00adant\u00adwortlich zeich\u00adnete. <\/p>\n<\/div><\/div><\/div>\n<\/div><\/div>\n\n\n\n<div style=\"min-height:500px\" class=\"wp-block-getwid-media-text-slider-slide wp-block-getwid-media-text-slider-slide__content-wrapper slide-4\"><div style=\"min-height:500px;justify-content:center;align-items:flex-end\" class=\"wp-block-getwid-media-text-slider-slide__content\">\n<div style=\"max-width:1059px\" class=\"wp-block-getwid-media-text-slider-slide-content\"><figure class=\"wp-block-getwid-media-text-slider-slide-content__media\"><img loading=\"lazy\" decoding=\"async\" width=\"1800\" height=\"1200\" src=\"https:\/\/www.der-it-texter.de\/wp-content\/uploads\/2023\/07\/nkiavision.jpg\" alt class=\"wp-block-getwid-media-text-slider-slide-content__image wp-image-85\" srcset=\"https:\/\/www.der-it-texter.de\/wp-content\/uploads\/2023\/07\/nkiavision.jpg 1800w, https:\/\/www.der-it-texter.de\/wp-content\/uploads\/2023\/07\/nkiavision-300x200.jpg 300w, https:\/\/www.der-it-texter.de\/wp-content\/uploads\/2023\/07\/nkiavision-1024x683.jpg 1024w, https:\/\/www.der-it-texter.de\/wp-content\/uploads\/2023\/07\/nkiavision-768x512.jpg 768w, https:\/\/www.der-it-texter.de\/wp-content\/uploads\/2023\/07\/nkiavision-1536x1024.jpg 1536w\" sizes=\"auto, (max-width: 1800px) 100vw, 1800px\"><div class=\"wp-block-getwid-media-text-slider-slide-content__media-overlay\" style=\"opacity:0.3\"><\/div><\/figure><div class=\"wp-block-getwid-media-text-slider-slide-content__content\"><div class=\"wp-block-getwid-media-text-slider-slide-content__content-wrapper\">\n<h3 class=\"wp-block-heading\"><strong>Handelsmagazine<\/strong><\/h3>\n\n\n\n<p>Im Dia\u00adlog: Nokia Vision stellte dem Fach\u00adhan\u00addel neue Pro\u00adduk\u00adte und Verkaufs\u00adf\u00f6rderungs\u00adma\u00df\u00adnah\u00admen vor. Ich habe drei\u00dfig Aus\u00adgaben dieses Hochglanz\u00admagazins getex\u00adtet. Zun\u00e4chst in deutsch\u00ader Sprache, sp\u00e4ter auch in Englisch.<\/p>\n<\/div><\/div><\/div>\n<\/div><\/div>\n\n\n\n<div style=\"min-height:500px\" class=\"wp-block-getwid-media-text-slider-slide wp-block-getwid-media-text-slider-slide__content-wrapper slide-5\"><div style=\"min-height:500px;justify-content:center;align-items:flex-end\" class=\"wp-block-getwid-media-text-slider-slide__content\">\n<div style=\"max-width:1059px\" class=\"wp-block-getwid-media-text-slider-slide-content\"><figure class=\"wp-block-getwid-media-text-slider-slide-content__media\"><img loading=\"lazy\" decoding=\"async\" width=\"1752\" height=\"1200\" src=\"https:\/\/www.der-it-texter.de\/wp-content\/uploads\/2023\/07\/kataloge.jpg\" alt class=\"wp-block-getwid-media-text-slider-slide-content__image wp-image-96\" srcset=\"https:\/\/www.der-it-texter.de\/wp-content\/uploads\/2023\/07\/kataloge.jpg 1752w, https:\/\/www.der-it-texter.de\/wp-content\/uploads\/2023\/07\/kataloge-300x205.jpg 300w, https:\/\/www.der-it-texter.de\/wp-content\/uploads\/2023\/07\/kataloge-1024x701.jpg 1024w, https:\/\/www.der-it-texter.de\/wp-content\/uploads\/2023\/07\/kataloge-768x526.jpg 768w, https:\/\/www.der-it-texter.de\/wp-content\/uploads\/2023\/07\/kataloge-1536x1052.jpg 1536w\" sizes=\"auto, (max-width: 1752px) 100vw, 1752px\"><div class=\"wp-block-getwid-media-text-slider-slide-content__media-overlay\" style=\"opacity:0.3\"><\/div><\/figure><div class=\"wp-block-getwid-media-text-slider-slide-content__content\"><div class=\"wp-block-getwid-media-text-slider-slide-content__content-wrapper\">\n<h3 class=\"wp-block-heading\"><strong>Kataloge<\/strong><\/h3>\n\n\n\n<p>Pro\u00adduk\u00adtkat\u00ada\u00adloge m\u00fcssen nicht lang\u00adweilig sein! Nach mein\u00ader Erfahrung kommt es auf die geschick\u00adte Kom\u00adbi\u00adna\u00adtion von Pro\u00adduk\u00adt\u00adtex\u00adten, Hin\u00adter\u00adgrund\u00adin\u00adfor\u00adma\u00adtio\u00adnen und ansprechen\u00addem Lay\u00adout an. Dann schauen die Kun\u00adden auch gerne hinein.<\/p>\n<\/div><\/div><\/div>\n<\/div><\/div>\n\n\n\n<div style=\"min-height:500px\" class=\"wp-block-getwid-media-text-slider-slide wp-block-getwid-media-text-slider-slide__content-wrapper slide-6\"><div style=\"min-height:500px;justify-content:center;align-items:flex-end\" class=\"wp-block-getwid-media-text-slider-slide__content\">\n<div style=\"max-width:1059px\" class=\"wp-block-getwid-media-text-slider-slide-content\"><figure class=\"wp-block-getwid-media-text-slider-slide-content__media\"><img loading=\"lazy\" decoding=\"async\" width=\"1800\" height=\"1200\" src=\"https:\/\/www.der-it-texter.de\/wp-content\/uploads\/2023\/07\/whitepaper.jpg\" alt class=\"wp-block-getwid-media-text-slider-slide-content__image wp-image-100\" srcset=\"https:\/\/www.der-it-texter.de\/wp-content\/uploads\/2023\/07\/whitepaper.jpg 1800w, https:\/\/www.der-it-texter.de\/wp-content\/uploads\/2023\/07\/whitepaper-300x200.jpg 300w, https:\/\/www.der-it-texter.de\/wp-content\/uploads\/2023\/07\/whitepaper-1024x683.jpg 1024w, https:\/\/www.der-it-texter.de\/wp-content\/uploads\/2023\/07\/whitepaper-768x512.jpg 768w, https:\/\/www.der-it-texter.de\/wp-content\/uploads\/2023\/07\/whitepaper-1536x1024.jpg 1536w\" sizes=\"auto, (max-width: 1800px) 100vw, 1800px\"><div class=\"wp-block-getwid-media-text-slider-slide-content__media-overlay\" style=\"opacity:0.3\"><\/div><\/figure><div class=\"wp-block-getwid-media-text-slider-slide-content__content\"><div class=\"wp-block-getwid-media-text-slider-slide-content__content-wrapper\">\n<h3 class=\"wp-block-heading\"><strong>Technik-Brosch\u00fcren<\/strong><\/h3>\n\n\n\n<p>Kom\u00adplexe Sachver\u00adhalte anschaulich dargestellt: Mit Freude erstelle ich tech\u00adnis\u00adche Brosch\u00fcren und White-Paper. Online oder im Print und auf Kun\u00adden\u00adwun\u00adsch sog\u00adar in Buch\u00adform.<\/p>\n<\/div><\/div><\/div>\n<\/div><\/div>\n\n\n\n<div style=\"min-height:500px\" class=\"wp-block-getwid-media-text-slider-slide wp-block-getwid-media-text-slider-slide__content-wrapper slide-8\"><div style=\"min-height:500px;justify-content:center;align-items:flex-end\" class=\"wp-block-getwid-media-text-slider-slide__content\">\n<div style=\"max-width:1059px\" class=\"wp-block-getwid-media-text-slider-slide-content\"><figure class=\"wp-block-getwid-media-text-slider-slide-content__media\"><img loading=\"lazy\" decoding=\"async\" width=\"1800\" height=\"1200\" src=\"https:\/\/www.der-it-texter.de\/wp-content\/uploads\/2023\/07\/buecher2.jpg\" alt class=\"wp-block-getwid-media-text-slider-slide-content__image wp-image-118\" srcset=\"https:\/\/www.der-it-texter.de\/wp-content\/uploads\/2023\/07\/buecher2.jpg 1800w, https:\/\/www.der-it-texter.de\/wp-content\/uploads\/2023\/07\/buecher2-300x200.jpg 300w, https:\/\/www.der-it-texter.de\/wp-content\/uploads\/2023\/07\/buecher2-1024x683.jpg 1024w, https:\/\/www.der-it-texter.de\/wp-content\/uploads\/2023\/07\/buecher2-768x512.jpg 768w, https:\/\/www.der-it-texter.de\/wp-content\/uploads\/2023\/07\/buecher2-1536x1024.jpg 1536w\" sizes=\"auto, (max-width: 1800px) 100vw, 1800px\"><div class=\"wp-block-getwid-media-text-slider-slide-content__media-overlay\" style=\"opacity:0.3\"><\/div><\/figure><div class=\"wp-block-getwid-media-text-slider-slide-content__content\"><div class=\"wp-block-getwid-media-text-slider-slide-content__content-wrapper\">\n<h3 class=\"wp-block-heading\"><strong>IT-Fachb\u00fccher<\/strong><\/h3>\n\n\n\n<p>Ereignis\u00adre\u00adiche Jahre: Zwis\u00adchen 1988 und 2003 habe ich rund zwei Dutzend Com\u00adput\u00ader-Fach\u00adb\u00fcch\u00ader ver\u00adfasst. Die Nach\u00adfrage war gro\u00df und die The\u00admen schienen niemals auszuge\u00adhen.<\/p>\n<\/div><\/div><\/div>\n<\/div><\/div>\n\n\n\n<div style=\"min-height:500px\" class=\"wp-block-getwid-media-text-slider-slide wp-block-getwid-media-text-slider-slide__content-wrapper slide-7\"><div style=\"min-height:500px;justify-content:center;align-items:flex-end\" class=\"wp-block-getwid-media-text-slider-slide__content\">\n<div style=\"max-width:1059px\" class=\"wp-block-getwid-media-text-slider-slide-content\"><figure class=\"wp-block-getwid-media-text-slider-slide-content__media\"><img loading=\"lazy\" decoding=\"async\" width=\"1800\" height=\"1200\" src=\"https:\/\/www.der-it-texter.de\/wp-content\/uploads\/2023\/07\/pcintern2.jpg\" alt class=\"wp-block-getwid-media-text-slider-slide-content__image wp-image-116\" srcset=\"https:\/\/www.der-it-texter.de\/wp-content\/uploads\/2023\/07\/pcintern2.jpg 1800w, https:\/\/www.der-it-texter.de\/wp-content\/uploads\/2023\/07\/pcintern2-300x200.jpg 300w, https:\/\/www.der-it-texter.de\/wp-content\/uploads\/2023\/07\/pcintern2-1024x683.jpg 1024w, https:\/\/www.der-it-texter.de\/wp-content\/uploads\/2023\/07\/pcintern2-768x512.jpg 768w, https:\/\/www.der-it-texter.de\/wp-content\/uploads\/2023\/07\/pcintern2-1536x1024.jpg 1536w\" sizes=\"auto, (max-width: 1800px) 100vw, 1800px\"><div class=\"wp-block-getwid-media-text-slider-slide-content__media-overlay\" style=\"opacity:0.3\"><\/div><\/figure><div class=\"wp-block-getwid-media-text-slider-slide-content__content\"><div class=\"wp-block-getwid-media-text-slider-slide-content__content-wrapper\">\n<h3 class=\"wp-block-heading\"><strong>PC Intern<\/strong><\/h3>\n\n\n\n<p>Eine Leg\u00adende: 20 Jahre lang das Stan\u00addard\u00adw\u00aderk f\u00fcr die Sys\u00adtem\u00adpro\u00adgram\u00admierung unter DOS und Win\u00addows. 1.400 Seit\u00aden geballes Know-how, in sechs Sprachen \u00fcber\u00adset\u00adzt und hun\u00addert\u00adtausend\u00adfach gele\u00adsen \u2014 weltweit.<\/p>\n<\/div><\/div><\/div>\n<\/div><\/div>\n\n\n\n<div style=\"min-height:500px\" class=\"wp-block-getwid-media-text-slider-slide wp-block-getwid-media-text-slider-slide__content-wrapper slide-9\"><div style=\"min-height:500px;justify-content:center;align-items:flex-end\" class=\"wp-block-getwid-media-text-slider-slide__content\">\n<div style=\"max-width:1059px\" class=\"wp-block-getwid-media-text-slider-slide-content\"><figure class=\"wp-block-getwid-media-text-slider-slide-content__media\"><img loading=\"lazy\" decoding=\"async\" width=\"1752\" height=\"1200\" src=\"https:\/\/www.der-it-texter.de\/wp-content\/uploads\/2023\/07\/artikel.jpg\" alt class=\"wp-block-getwid-media-text-slider-slide-content__image wp-image-94\" srcset=\"https:\/\/www.der-it-texter.de\/wp-content\/uploads\/2023\/07\/artikel.jpg 1752w, https:\/\/www.der-it-texter.de\/wp-content\/uploads\/2023\/07\/artikel-300x205.jpg 300w, https:\/\/www.der-it-texter.de\/wp-content\/uploads\/2023\/07\/artikel-1024x701.jpg 1024w, https:\/\/www.der-it-texter.de\/wp-content\/uploads\/2023\/07\/artikel-768x526.jpg 768w, https:\/\/www.der-it-texter.de\/wp-content\/uploads\/2023\/07\/artikel-1536x1052.jpg 1536w\" sizes=\"auto, (max-width: 1752px) 100vw, 1752px\"><div class=\"wp-block-getwid-media-text-slider-slide-content__media-overlay\" style=\"opacity:0.3\"><\/div><\/figure><div class=\"wp-block-getwid-media-text-slider-slide-content__content\"><div class=\"wp-block-getwid-media-text-slider-slide-content__content-wrapper\">\n<h3 class=\"wp-block-heading\" style=\"margin-top:0px;margin-right:0px;margin-bottom:0px;margin-left:0px\"><strong>Artikel und Kolumnen<\/strong><\/h3>\n\n\n\n<p>Auf den Punkt gebracht: Par\u00adal\u00adlel zu meinen B\u00fcch\u00adern sind zahlre\u00adiche Artikel und Kol\u00adu\u00admen von mir in renom\u00admierten IT-Mag\u00ada\u00adzi\u00adnen erschienen. Unter anderem beim dama\u00adli\u00adgen Mark\u00adt\u00adf\u00fchrer \u201cChip\u201d.<\/p>\n<\/div><\/div><\/div>\n<\/div><\/div>\n<\/div><\/div><\/div>\n\n\n\n<div style=\"height:25px\" aria-hidden=\"true\" class=\"wp-block-spacer\"><\/div>\n\n\n\n<h3 class=\"wp-block-heading\">Arbeitsbeispiele zum Herunterladen<\/h3>\n\n\n\n<div class=\"wp-block-group is-vertical is-layout-flex wp-container-core-group-is-layout-fe9cc265 wp-block-group-is-layout-flex\">\n<div class=\"wp-block-media-text alignwide is-stacked-on-mobile\" style=\"grid-template-columns:32% auto\"><figure class=\"wp-block-media-text__media\"><a href=\"https:\/\/www.der-it-texter.de\/wp-content\/uploads\/2025\/08\/Whitepaper-01-Companion-for-First-\u2013-KI-Grundlagen.pdf\" target=\"_blank\" rel=\"noreferrer noopener\"><img loading=\"lazy\" decoding=\"async\" width=\"791\" height=\"1024\" src=\"https:\/\/www.der-it-texter.de\/wp-content\/uploads\/2025\/08\/wp_ki_fact_2025-791x1024.jpg\" alt class=\"wp-image-355 size-thumbnail\" srcset=\"https:\/\/www.der-it-texter.de\/wp-content\/uploads\/2025\/08\/wp_ki_fact_2025-791x1024.jpg 791w, https:\/\/www.der-it-texter.de\/wp-content\/uploads\/2025\/08\/wp_ki_fact_2025-232x300.jpg 232w, https:\/\/www.der-it-texter.de\/wp-content\/uploads\/2025\/08\/wp_ki_fact_2025-768x994.jpg 768w, https:\/\/www.der-it-texter.de\/wp-content\/uploads\/2025\/08\/wp_ki_fact_2025.jpg 793w\" sizes=\"auto, (max-width: 791px) 100vw, 791px\"><\/a><\/figure><div class=\"wp-block-media-text__content\">\n<p class=\"has-large-font-size\" style=\"line-height:0\"><strong>Grund\u00adla\u00adgen der<\/strong> <strong>KI<\/strong><\/p>\n\n\n\n<p style=\"font-size:clamp(14.082px, 0.88rem + ((1vw - 3.2px) * 0.786), 21px);\"><strong>Whitepa\u00adper f\u00fcr die Fact GmbH<\/strong><\/p>\n\n\n\n<ul class=\"wp-block-list has-medium-font-size\">\n<li><strong>For\u00admat:<\/strong> A4\/4C, 23 Seit\u00aden, PDF<\/li>\n\n\n\n<li>Deutsch <\/li>\n\n\n\n<li><strong>Text &amp; Konzept:<\/strong> Michael Tis\u00adch\u00ader<\/li>\n\n\n\n<li><strong>Lay\u00adout: <\/strong>ZIMMERMANN B\u00fcro f\u00fcr visuelle Kom\u00admu\u00adnika\u00adtion<\/li>\n<\/ul>\n<\/div><\/div>\n<\/div>\n\n\n\n<div class=\"wp-block-group is-vertical is-layout-flex wp-container-core-group-is-layout-fe9cc265 wp-block-group-is-layout-flex\">\n<div class=\"wp-block-media-text alignwide is-stacked-on-mobile\" style=\"grid-template-columns:32% auto\"><figure class=\"wp-block-media-text__media\"><a href=\"https:\/\/www.der-it-texter.de\/wp-content\/uploads\/2023\/08\/fact-focus-II-2023.pdf\" target=\"_blank\" rel=\"noreferrer noopener\"><img loading=\"lazy\" decoding=\"async\" width=\"300\" height=\"402\" src=\"https:\/\/www.der-it-texter.de\/wp-content\/uploads\/2023\/08\/factfokus2023_300x402.jpg\" alt class=\"wp-image-294 size-thumbnail\" srcset=\"https:\/\/www.der-it-texter.de\/wp-content\/uploads\/2023\/08\/factfokus2023_300x402.jpg 300w, https:\/\/www.der-it-texter.de\/wp-content\/uploads\/2023\/08\/factfokus2023_300x402-224x300.jpg 224w\" sizes=\"auto, (max-width: 300px) 100vw, 300px\"><\/a><\/figure><div class=\"wp-block-media-text__content\">\n<p class=\"has-large-font-size\" style=\"line-height:0\"><strong>fact focus II <\/strong><\/p>\n\n\n\n<p style=\"font-size:clamp(14.082px, 0.88rem + ((1vw - 3.2px) * 0.786), 21px);\"><strong>Das Kun\u00adden\u00admagazin der Fact GmbH<\/strong><\/p>\n\n\n\n<ul class=\"wp-block-list has-medium-font-size\">\n<li><strong>For\u00admat:<\/strong> A4\/4C, 52 Seit\u00aden, Print &amp; PDF<\/li>\n\n\n\n<li>Deutsch \/ Englisch<\/li>\n\n\n\n<li><strong>Text &amp; Konzept:<\/strong> Michael Tis\u00adch\u00ader<\/li>\n\n\n\n<li><strong>Lay\u00adout: <\/strong>ZIMMERMANN B\u00fcro f\u00fcr visuelle Kom\u00admu\u00adnika\u00adtion<\/li>\n<\/ul>\n<\/div><\/div>\n<\/div>\n\n\n\n<div style=\"height:15px\" aria-hidden=\"true\" class=\"wp-block-spacer\"><\/div>\n\n\n\n<h2 class=\"wp-block-heading\">Profil<\/h2>\n\n\n\n<ul style=\"font-size:clamp(0.875rem, 0.875rem + ((1vw - 0.2rem) * 0.555), 1.18rem);line-height:1.9\" class=\"wp-block-list\">\n<li>Drei Jahrzehnte <strong>Erfahrung in Mar\u00adket\u00ading und Entwick\u00adlung<\/strong><\/li>\n\n\n\n<li>Riesiger <strong>Schatz an IT-Know-how<\/strong><\/li>\n\n\n\n<li>Ansprechende und <strong>mitrei\u00dfende Sprache<\/strong><\/li>\n\n\n\n<li>Die F\u00e4higkeit, den <strong>richti\u00adgen Ton f\u00fcr jede Ziel\u00adgruppe <\/strong>zu tre\u00adf\u00adfen<\/li>\n\n\n\n<li><strong>Ansteck\u00adende Begeis\u00adterung <\/strong>f\u00fcr neue <strong>The\u00admen und Pro\u00adduk\u00adte<\/strong><\/li>\n\n\n\n<li>Aus\u00adgepr\u00e4gte <strong>Schaf\u00adfens\u00adfreude<\/strong>,<strong> Akri\u00adbie<\/strong> und Ter\u00admintreue<\/li>\n\n\n\n<li><strong>Kreativ\u00ader Kopf<\/strong> mit vie\u00adlen Bez\u00fc\u00adgen auch jen\u00adseits der IT-Welt<\/li>\n\n\n\n<li>Nicht zulet\u00adzt eine <strong>ordentliche Prise Humor<\/strong><\/li>\n\n\n\n<li><strong>Meine Texte liest man <\/strong>ein\u00adfach <strong>gerne<\/strong><\/li>\n<\/ul>\n\n\n\n<div style=\"height:35px\" aria-hidden=\"true\" class=\"wp-block-spacer\"><\/div>\n\n\n\n<h2 class=\"wp-block-heading\">Kunden und Stimmen <\/h2>\n\n\n\n<p>Zu meinen <strong>Kun\u00adden und Part\u00adnern <\/strong>der let\u00adzten Jahrzehnte z\u00e4hlen u. a.:  <strong>Microsoft, Toshi\u00adba, Nokia, Motoro\u00adla<\/strong>, <strong>Henkel,<\/strong> Fact, Sen\u00adgled, Vogel-Ver\u00adlag, Red\u00admond-Ver\u00adlag, Data Beck\u00ader, Sybex-Ver\u00adlag, Gramm-Wer\u00adbeagen\u00adtur, Fritsch Heine Rapp Collins-Wer\u00adbeagen\u00adtur, Niehaus Komossa-Wer\u00adbeagen\u00adtur, um nur einige zu nen\u00adnen.<\/p>\n\n\n\n<div class=\"wp-block-getwid-testimonial has-image\"><div class=\"wp-block-getwid-testimonial__wrapper\"><div class=\"wp-block-getwid-testimonial__content-wrapper\"><p class=\"wp-block-getwid-testimonial__content\"><em>\u201eMITI ist ein\u00ader der kreativsten und gle\u00adichzeit\u00adig sorgf\u00e4ltig\u00adsten Men\u00adschen, mit denen ich je zusam\u00admengear\u00adbeit\u00adet habe. Er <strong>vere\u00adint in ein\u00adma\u00adliger Weise das IT-Wis\u00adsen und die textlichen F\u00e4higkeit\u00aden<\/strong>. Diese Kom\u00adbi\u00adna\u00adtion macht ihn so wertvoll, weil er sich die Inhalte und das Ver\u00adst\u00e4nd\u00adnis der Pro\u00adduk\u00adte selb\u00adst\u00e4ndig erar\u00adbeit\u00aden kann.\u201c <\/em><\/p><\/div><div class=\"wp-block-getwid-testimonial__header\"><div class=\"wp-block-getwid-testimonial__image-wrapper\"><div class=\"wp-block-getwid-testimonial__image\"><img loading=\"lazy\" decoding=\"async\" width=\"449\" height=\"449\" src=\"https:\/\/www.der-it-texter.de\/wp-content\/uploads\/2023\/07\/manfredbeckers.png\" alt class=\"wp-image-163\" srcset=\"https:\/\/www.der-it-texter.de\/wp-content\/uploads\/2023\/07\/manfredbeckers.png 449w, https:\/\/www.der-it-texter.de\/wp-content\/uploads\/2023\/07\/manfredbeckers-300x300.png 300w, https:\/\/www.der-it-texter.de\/wp-content\/uploads\/2023\/07\/manfredbeckers-150x150.png 150w\" sizes=\"auto, (max-width: 449px) 100vw, 449px\"><\/div><\/div><div class=\"wp-block-getwid-testimonial__heading\"><span class=\"wp-block-getwid-testimonial__title\">Man\u00adfred Beck\u00aders<\/span><span class=\"wp-block-getwid-testimonial__subtitle\">CEO FACT Infor\u00adma\u00adtion\u00adssys\u00adteme &amp; Con\u00adsult\u00ading GmbH<\/span><\/div><\/div><\/div><\/div>\n\n\n\n<div style=\"height:25px\" aria-hidden=\"true\" class=\"wp-block-spacer\"><\/div>\n\n\n\n<div class=\"wp-block-getwid-testimonial has-image\"><div class=\"wp-block-getwid-testimonial__wrapper\"><div class=\"wp-block-getwid-testimonial__content-wrapper\"><p class=\"wp-block-getwid-testimonial__content\"><em>\u201eMITI is defin\u00adi\u00adtive\u00adly <strong>the most self-dri\u00adven writer I know:<\/strong> high qual\u00adi\u00adty on con\u00adtent, struc\u00adture and espe\u00adcial\u00adly the capa\u00adbil\u00adi\u00adty to trans\u00adlate com\u00adplex tech\u00adnol\u00ado\u00adgy into appeal\u00ading con\u00adsumer and retail\u00ader speech. I would always rec\u00adom\u00admend work\u00ading with him, as he has <strong>a smart mind and at the same time is open for change<\/strong>.\u201c<\/em><\/p><\/div><div class=\"wp-block-getwid-testimonial__header\"><div class=\"wp-block-getwid-testimonial__image-wrapper\"><div class=\"wp-block-getwid-testimonial__image\"><img loading=\"lazy\" decoding=\"async\" width=\"445\" height=\"446\" src=\"https:\/\/www.der-it-texter.de\/wp-content\/uploads\/2023\/07\/juttapeinze.png\" alt class=\"wp-image-162\" srcset=\"https:\/\/www.der-it-texter.de\/wp-content\/uploads\/2023\/07\/juttapeinze.png 445w, https:\/\/www.der-it-texter.de\/wp-content\/uploads\/2023\/07\/juttapeinze-300x300.png 300w, https:\/\/www.der-it-texter.de\/wp-content\/uploads\/2023\/07\/juttapeinze-150x150.png 150w\" sizes=\"auto, (max-width: 445px) 100vw, 445px\"><\/div><\/div><div class=\"wp-block-getwid-testimonial__heading\"><span class=\"wp-block-getwid-testimonial__title\">Jut\u00adta Peinze<\/span><span class=\"wp-block-getwid-testimonial__subtitle\">EMEA Mar\u00adket\u00ading Direc\u00adtor Mobile Busi\u00adness Group@Motorola<\/span><\/div><\/div><\/div><\/div>\n\n\n\n<div style=\"height:30px\" aria-hidden=\"true\" class=\"wp-block-spacer\"><\/div>\n\n\n\n<h2 class=\"wp-block-heading\">\u00dcber mich<\/h2>\n\n\n\n<p><strong>Keine Frage, ich liebe Tech\u00adnik, Hack\u00ading, Schreiben und IT<\/strong>. Aber dar\u00fcber hin\u00adaus auch Wis\u00adsenschaft, Kun\u00adst, Kul\u00adtur und Philoso\u00adphie. In mein\u00ader Freizeit bin ich als Yogalehrer und Med\u00adi\u00adta\u00adtion\u00adstrain\u00ader aktiv. <\/p>\n\n\n\n<div style=\"height:16px\" aria-hidden=\"true\" class=\"wp-block-spacer\"><\/div>\n\n\n\n<h2 class=\"wp-block-heading\">Alles nur getr\u00e4umt?<\/h2>\n\n\n\n<div class=\"wp-block-group is-vertical is-layout-flex wp-container-core-group-is-layout-fe9cc265 wp-block-group-is-layout-flex\">\n<div class=\"wp-block-media-text alignwide has-media-on-the-right is-stacked-on-mobile is-vertically-aligned-top ticss-c89bf508\" style=\"margin-top:0px\"><div class=\"wp-block-media-text__content\">\n<p style=\"margin-top:0px\">Die <strong>Frage nach der Entste\u00adhung von Bewusst\u00adsein und Intel\u00adli\u00adgenz <\/strong>besch\u00e4ftigt mich seit vie\u00adlen Jahren,<strong> <\/strong>genau wie das Inter\u00adesse an Neu\u00adroin\u00adfor\u00admatik und KI. <\/p>\n\n\n\n<p>Zurzeit ist das The\u00adma aktueller denn je. Und das kommt her\u00adaus, wenn man eine <strong>Bilder-KI mit Fotos <\/strong>von mir und Stich\u00adworten wie \u201eTex\u00adter\u201c oder \u201ePro\u00adgram\u00admier\u00ader\u201c <strong>f\u00fct\u00adtert<\/strong>. Vielle\u00adicht nicht immer ganz passend, aber auf jeden Fall span\u00adnend und am\u00fcsant.<\/p>\n<\/div><figure class=\"wp-block-media-text__media\"><img loading=\"lazy\" decoding=\"async\" width=\"600\" height=\"600\" src=\"https:\/\/www.der-it-texter.de\/wp-content\/uploads\/2023\/07\/nurgetraeumt.gif\" alt class=\"wp-image-160 size-full\"><\/figure><\/div>\n<\/div>\n\n\n\n<div style=\"height:25px\" aria-hidden=\"true\" class=\"wp-block-spacer\"><\/div>\n\n\n\n<h2 class=\"wp-block-heading\">Kontakt \/ Impressum<\/h2>\n\n\n\n<p><strong>IT-Tex\u00adter Michael Tis\u00adch\u00ader<\/strong><br>Post\u00adweg 7<br>D\u201141564 Kaarst<br><br><strong>miti@der-it-texter.de<\/strong><\/p>\n\n\n\n<p>Daten\u00adschutzerk\u00adl\u00e4rung: Diese Seite ver\u00adwen\u00addet keine Cook\u00adies und zeich\u00adnet die Aktiv\u00adit\u00e4ten ihrer Besuch\u00ader nicht auf. Eine Anmel\u00addung \/ Reg\u00adistrierung und das Hin\u00adter\u00adlassen von Kom\u00admentaren ist nicht m\u00f6glich. Es wer\u00adden keine Dat\u00aden erhoben und gespe\u00adichert bzw. weit\u00adergeleit\u00adet.<\/p>\n\n\n\n<p>\u00a9 2025 \u2014 Text und Design: MITI<\/p>\n","protected":false},"excerpt":{"rendered":"<p>IT-Tex\u00adter Michael Tis\u00adch\u00ader Zu Hause in zwei Wel\u00adten: Com\u00adput\u00ader-Experte und Profi-Autor Sie suchen einen erfahre\u00adnen Tex\u00adter f\u00fcr die Erstel\u00adlung von Whitepa\u00adpern, Brosch\u00fcren, Kun\u00ad\u00adden- und Han\u00addels\u00admagazi\u00adnen, Fir\u00ad\u00admen-Blogs, Doku\u00admen\u00adta\u00adtio\u00adnen, Video\u00adclips oder anderen Werbe- und Infor\u00adma\u00adtion\u00ads\u00adma\u00adte\u00adri\u00adalien f\u00fcr den IT-Bere\u00adich? Einen, der die Sprache des Mar\u00adket\u00adings eben\u00adso beherrscht, wie die Sprache Ihrer IT-Fach\u00adleute. Dem Sie nicht alles aufw\u00e4ndig erk\u00adl\u00e4ren [\u2026]<\/p>\n","protected":false},"author":1,"featured_media":0,"parent":0,"menu_order":0,"comment_status":"closed","ping_status":"closed","template":"blank","meta":{"wp_typography_post_enhancements_disabled":false,"footnotes":""},"class_list":["post-313","page","type-page","status-publish","hentry"],"_links":{"self":[{"href":"https:\/\/www.der-it-texter.de\/index.php\/wp-json\/wp\/v2\/pages\/313","targetHints":{"allow":["GET"]}}],"collection":[{"href":"https:\/\/www.der-it-texter.de\/index.php\/wp-json\/wp\/v2\/pages"}],"about":[{"href":"https:\/\/www.der-it-texter.de\/index.php\/wp-json\/wp\/v2\/types\/page"}],"author":[{"embeddable":true,"href":"https:\/\/www.der-it-texter.de\/index.php\/wp-json\/wp\/v2\/users\/1"}],"replies":[{"embeddable":true,"href":"https:\/\/www.der-it-texter.de\/index.php\/wp-json\/wp\/v2\/comments?post=313"}],"version-history":[{"count":30,"href":"https:\/\/www.der-it-texter.de\/index.php\/wp-json\/wp\/v2\/pages\/313\/revisions"}],"predecessor-version":[{"id":371,"href":"https:\/\/www.der-it-texter.de\/index.php\/wp-json\/wp\/v2\/pages\/313\/revisions\/371"}],"wp:attachment":[{"href":"https:\/\/www.der-it-texter.de\/index.php\/wp-json\/wp\/v2\/media?parent=313"}],"curies":[{"name":"wp","href":"https:\/\/api.w.org\/{rel}","templated":true}]}}